{"id":23,"date":"2014-07-29T22:01:08","date_gmt":"2014-07-29T22:01:08","guid":{"rendered":"http:\/\/www.coding-is-fun.com\/?page_id=23"},"modified":"2014-07-29T22:01:08","modified_gmt":"2014-07-29T22:01:08","slug":"tiskova-zprava","status":"publish","type":"page","link":"http:\/\/www.coding-is-fun.com\/?page_id=23","title":{"rendered":"Tiskov\u00e1 zpr\u00e1va"},"content":{"rendered":"<p><b>Evropsk\u00fd T\u00fdden K\u00f3dov\u00e1n\u00ed se vrac\u00ed 11. a\u017e 17. \u0159\u00edjna 2014<\/b><\/p>\n<p>V lo\u0148sk\u00e9m roce sta\u010dil jen jeden m\u011bs\u00edc k uspo\u0159\u00e1d\u00e1n\u00ed t\u0159\u00ed set akc\u00ed pro v\u016fbec prvn\u00ed Evropsk\u00fd T\u00fdden K\u00f3dov\u00e1n\u00ed. 10.000 \u00fa\u010dastn\u00edk\u016f v\u0161ech v\u011bkov\u00fdch kategori\u00ed v 26 evropsk\u00fdch zem\u00edch se u\u010dili o k\u00f3dov\u00e1n\u00ed na workshopech a p\u0159edn\u00e1\u0161k\u00e1ch po\u0159\u00e1dan\u00fdch \u0161kolami, univerzitami a bezpo\u010dtem dobrovoln\u00edk\u016f. V leto\u0161n\u00edm roce chceme dos\u00e1hnout je\u0161t\u011b v\u00fd\u0161e. A pot\u0159ebujeme va\u0161i pomoc, aby Evropa op\u011bt k\u00f3dovala od <b>11. <span id=\"af4b9f84-dc89-4baf-8935-4a7de0ce0b5a\" class=\"GINGER_SOFTWARE_mark\">do<\/span> 17. \u0159\u00edjna 2014<\/b>.<\/p>\n<p>Evropsk\u00fd T\u00fdden K\u00f3dov\u00e1n\u00ed se zam\u011b\u0159uje na oslavu k\u00f3dov\u00e1n\u00ed: um\u011bn\u00ed a v\u011bdu komunikace s po\u010d\u00edta\u010di. Hlub\u0161\u00ed pochopen\u00ed technologi\u00ed se st\u00e1v\u00e1 nov\u00fdm druhem gramotnosti a tolik pot\u0159ebnou konkuren\u010dn\u00ed v\u00fdhodou digit\u00e1ln\u00ed Evropy. Nezam\u011bstnanost mlad\u00fdch lid\u00ed je na vzestupu na cel\u00e9m kontinentu, av\u0161ak do roku 2015 budeme m\u00edt nedostatek a\u017e 900 tis\u00edc pracovn\u00edch m\u00edst v oblasti IT.<\/p>\n<p>To je, pro\u010d chceme inspirovat evropsk\u00e9 ob\u010dany v\u0161ech v\u011bkov\u00fdch kategori\u00ed, aby se za\u010dali u\u010dit jazyku po\u010d\u00edta\u010d\u016f mezi sobotou 11. \u0159\u00edjna a p\u00e1tkem 17. \u0159\u00edjna 2014. A v\u011b\u0159\u00edme, \u017ee m\u016f\u017eete pomoci, bez ohledu na to, jestli u\u017e v\u00edte, jak mocn\u00e9 a z\u00e1bavn\u00e9 k\u00f3dov\u00e1n\u00ed je nebo zda jste sami nikdy nenapsali \u0159\u00e1dek k\u00f3du.<\/p>\n<p><b>M\u016f\u017eete pomoci zdigitalizovat Evropu<\/b><\/p>\n<ul>\n<li><b>M\u00e1te k\u00f3dovac\u00ed schopnosti?<\/b> M\u016f\u017eete pomoci t\u00edm, \u017ee uspo\u0159\u00e1d\u00e1te workshop na va\u0161\u00ed \u0161kole, v m\u00edstn\u00ed hackspace nebo v komunitn\u00edm centru. Za\u010dn\u011bte studijn\u00ed skupinu pro sv\u00e9 p\u0159\u00e1tele nebo rodinu. Dokonce i kdy\u017e se nepova\u017eujete za program\u00e1tora a m\u016f\u017eete jen n\u011bkoho nau\u010dit z\u00e1klady HTML.<\/li>\n<li><b>Jste u\u010ditel, kter\u00fd uzn\u00e1v\u00e1 v\u00fdznam k\u00f3dov\u00e1n\u00ed, ale je\u0161t\u011b nem\u00e1 pot\u0159ebn\u00e9 dovednosti? <\/b>Promluvte si se sv\u00fdm \u0159editelem a kolegy o uspo\u0159\u00e1d\u00e1n\u00ed semin\u00e1\u0159e nebo pozv\u011bte sv\u00e9 studenty, aby v\u00e1s i sebe navz\u00e1jem u\u010dili!<\/li>\n<li><b>Jste u\u010ditel, kter\u00fd ji\u017e u\u010d\u00ed k\u00f3dov\u00e1n\u00ed?<\/b> Pod\u011blte se o sv\u00e9 t\u0159\u00eddn\u00ed pl\u00e1ny, uspo\u0159\u00e1dejte semin\u00e1\u0159 pro sv\u00e9 kolegy!<\/li>\n<li><b>Jste univerzita se zam\u011b\u0159en\u00edm na po\u010d\u00edta\u010dovou v\u011bdu?<\/b> Uka\u017ete student\u016fm st\u0159edn\u00edch \u0161kol z\u00e1bavu, kterou mohou m\u00edt s k\u00f3dov\u00e1n\u00edm.<\/li>\n<li><b>Jste firma, kter\u00e1 hled\u00e1 technick\u00e9 nad\u00e1n\u00ed a talent<\/b>? Uspo\u0159\u00e1dejte d\u00edlnu pro za\u010d\u00e1te\u010dn\u00edky, zorganizujte z\u00e1bavnou k\u00f3dov\u00e1c\u00ed v\u00fdzvu pro studenty nebo nab\u00eddn\u011bte sponzorstv\u00ed pro k\u00f3dov\u00e1c\u00ed akce!<\/li>\n<li><b>Z\u00fa\u010dastnili jste se lo\u0148sk\u00e9ho T\u00fddne K\u00f3dov\u00e1n\u00ed?<\/b> Pov\u011bzte n\u00e1m o va\u0161\u00ed akci, o \u010dem jste se pou\u010dili, tak aby se pou\u010dili a inspirovali i druz\u00ed!<\/li>\n<\/ul>\n<p>Tak\u00e9 pot\u0159ebujeme va\u0161i pomoc p\u0159i \u0161\u00ed\u0159en\u00ed pov\u011bdom\u00ed o Evropsk\u00e9m T\u00fddnu K\u00f3dov\u00e1n\u00ed. Sd\u00edlejte informace s p\u0159\u00e1teli a sleduj\u00edc\u00edmi na <a href=\"https:\/\/twitter.com\/CodeWeekEU\">Twitteru<\/a>, <a href=\"https:\/\/www.facebook.com\/codeEU\">Facebooku <\/a>a jinde v r\u00e1mci hashtag <a href=\"https:\/\/twitter.com\/search?q=%23codeEU&amp;f=realtime\">#codeEU<\/a>. Po\u0161lete n\u00e1m e-mail na <a href=\"mailto:europecodes@gmail.com\">europecodes@gmail.com<\/a> pokud se chcete pod\u011blit o zku\u0161enosti, m\u00e1te ot\u00e1zky t\u00fdkaj\u00edc\u00ed se po\u0159\u00e1d\u00e1n\u00ed akce, nebo chcete pomoci.<\/p>\n<p><b>O Evropsk\u00e9m T\u00fddnu K\u00f3dov\u00e1n\u00ed<\/b><\/p>\n<p>My\u0161lenkou Evropsk\u00e9ho T\u00fddne K\u00f3dov\u00e1n\u00ed je propojit m\u00edstn\u00ed organizace a dobrovoln\u00edky a p\u0159edv\u00e9st st\u00e1vaj\u00edc\u00edch iniciativy a osv\u011bd\u010den\u00e9 postupy nap\u0159\u00ed\u010d Evropou. T\u00fdden K\u00f3dov\u00e1n\u00ed byl zah\u00e1jen mlad\u00fdmi poradci V\u00edce-Prezidentky Neelie Kroes, kte\u0159\u00ed, spolu s jin\u00fdmi m\u00edstn\u00edmi velvyslanci, \u00a0cht\u011bj\u00ed vid\u011bt v\u00edce sv\u00fdch vrstevn\u00edk\u016f aktivn\u011b vytv\u00e1\u0159et a nejenom konzumovat digit\u00e1ln\u00ed obsah.<\/p>\n<p>&nbsp;<\/p>\n","protected":false},"excerpt":{"rendered":"<p>Evropsk\u00fd T\u00fdden K\u00f3dov\u00e1n\u00ed se vrac\u00ed 11. a\u017e 17. \u0159\u00edjna 2014 V lo\u0148sk\u00e9m roce sta\u010dil jen jeden m\u011bs\u00edc k uspo\u0159\u00e1d\u00e1n\u00ed t\u0159\u00ed set akc\u00ed pro v\u016fbec prvn\u00ed Evropsk\u00fd T\u00fdden K\u00f3dov\u00e1n\u00ed. 10.000 \u00fa\u010dastn\u00edk\u016f v\u0161ech v\u011bkov\u00fdch kategori\u00ed v 26 evropsk\u00fdch zem\u00edch se u\u010dili o k\u00f3dov\u00e1n\u00ed na workshopech a p\u0159edn\u00e1\u0161k\u00e1ch po\u0159\u00e1dan\u00fdch \u0161kolami, univerzitami a bezpo\u010dtem dobrovoln\u00edk\u016f. V leto\u0161n\u00edm roce chceme [&hellip;]<\/p>\n","protected":false},"author":1,"featured_media":0,"parent":0,"menu_order":0,"comment_status":"open","ping_status":"open","template":"","meta":{"footnotes":""},"class_list":["post-23","page","type-page","status-publish","hentry"],"_links":{"self":[{"href":"http:\/\/www.coding-is-fun.com\/index.php?rest_route=\/wp\/v2\/pages\/23","targetHints":{"allow":["GET"]}}],"collection":[{"href":"http:\/\/www.coding-is-fun.com\/index.php?rest_route=\/wp\/v2\/pages"}],"about":[{"href":"http:\/\/www.coding-is-fun.com\/index.php?rest_route=\/wp\/v2\/types\/page"}],"author":[{"embeddable":true,"href":"http:\/\/www.coding-is-fun.com\/index.php?rest_route=\/wp\/v2\/users\/1"}],"replies":[{"embeddable":true,"href":"http:\/\/www.coding-is-fun.com\/index.php?rest_route=%2Fwp%2Fv2%2Fcomments&post=23"}],"version-history":[{"count":1,"href":"http:\/\/www.coding-is-fun.com\/index.php?rest_route=\/wp\/v2\/pages\/23\/revisions"}],"predecessor-version":[{"id":24,"href":"http:\/\/www.coding-is-fun.com\/index.php?rest_route=\/wp\/v2\/pages\/23\/revisions\/24"}],"wp:attachment":[{"href":"http:\/\/www.coding-is-fun.com\/index.php?rest_route=%2Fwp%2Fv2%2Fmedia&parent=23"}],"curies":[{"name":"wp","href":"https:\/\/api.w.org\/{rel}","templated":true}]}}